{"id":1787,"date":"2022-01-18T11:17:49","date_gmt":"2022-01-18T16:17:49","guid":{"rendered":"https:\/\/munpdg.ca\/?page_id=1787\/"},"modified":"2025-12-15T13:54:46","modified_gmt":"2025-12-15T18:54:46","slug":"meeting-minutes","status":"publish","type":"page","link":"https:\/\/munpdg.ca\/en\/meeting-minutes\/","title":{"rendered":"Meeting minutes"},"content":{"rendered":"<p><span style=\"color: #0000ff; font-size: 14pt;\"><span style=\"color: #008000;\">Note that the minutes must be adopted before being \u00a0published<\/span> <\/span><\/p>\n<p><span style=\"color: #ff00ff; font-size: 14pt;\">2025<\/span><\/p>\n<ul style=\"list-style-type: square;\">\n<li><a href=\"https:\/\/munpdg.ca\/wp-content\/uploads\/2025\/12\/proces-verbal-de-la-seance-ordinaire-du-10-novembre.pdf\">s\u00e9ance ordinaire du 10 novembre 2025<\/a><\/li>\n<li><a href=\"https:\/\/munpdg.ca\/wp-content\/uploads\/2025\/11\/proces-verbal-de-la-seance-ordinaire-du-1er-octobre-2025.pdf\">s\u00e9ance ordinaire du 1er octobre 2025<\/a><\/li>\n<li><a href=\"https:\/\/munpdg.ca\/wp-content\/uploads\/2025\/10\/proces-verbal-seance-extraordinaire-du-23-septembre-2025-avec-renonciation.pdf\">s\u00e9ance extraordinaire du 23 septembre 2025<\/a><\/li>\n<li><a href=\"https:\/\/munpdg.ca\/wp-content\/uploads\/2025\/10\/proces-verbal-de-la-seance-extra-du-16-septembre-2025.pdf\">s\u00e9ance extraordinaire du 16 septembre 2025<\/a><\/li>\n<li><a href=\"https:\/\/munpdg.ca\/wp-content\/uploads\/2025\/10\/proces-verbal-de-la-seance-du-8-septembre-2025.pdf\">s\u00e9ance ordinaire du 8 septembre 2025<\/a><\/li>\n<li><a href=\"https:\/\/munpdg.ca\/wp-content\/uploads\/2025\/09\/seance-ordinaire-du-11-aout-2025.pdf\">s\u00e9ance ordinaire du 11 ao\u00fbt 2025<\/a><a href=\"https:\/\/munpdg.ca\/wp-content\/uploads\/2025\/08\/proces-verbal-de-la-seance-extraordinaire-23-juillet.pdf\">\u00a0<\/a><\/li>\n<li><a href=\"https:\/\/munpdg.ca\/wp-content\/uploads\/2025\/08\/proces-verbal-de-la-seance-extraordinaire-23-juillet.pdf\">s\u00e9ance extraordinaire du 23 juillet<\/a><\/li>\n<li><a href=\"https:\/\/munpdg.ca\/wp-content\/uploads\/2025\/08\/proces-verbal-de-la-seance-ordinaire-du-14-juillet-2025.pdf\">s\u00e9ance ordinaire du 14 juillet 2025<\/a><\/li>\n<li><a href=\"https:\/\/munpdg.ca\/wp-content\/uploads\/2025\/07\/proces-verbal-de-la-seance-extraordinaire-2-juillet.pdf\">s\u00e9ance extraordinaire du\u00a0 2 juillet<\/a><\/li>\n<li><a href=\"https:\/\/munpdg.ca\/wp-content\/uploads\/2025\/07\/proces-verbal-de-la-seance-extraordinaire-du-16-juin.pdf\">s\u00e9ance extraordinaire du 16 juin<\/a><\/li>\n<li><a href=\"https:\/\/munpdg.ca\/wp-content\/uploads\/2025\/07\/proces-verbal-de-la-seance-ordinaire-du-9-juin.pdf\">s\u00e9ance ordinaire du 9 juin<\/a><\/li>\n<li><a href=\"https:\/\/munpdg.ca\/wp-content\/uploads\/2025\/07\/proces-verbal-de-la-seance-extraordinaire-du-5-juin-2025-C.pdf\">s\u00e9ance extraordinaire du 5 juin 2025 <\/a><\/li>\n<li><a href=\"https:\/\/munpdg.ca\/wp-content\/uploads\/2025\/06\/proces-verbal-de-la-seance-extraordinaire-du-27-mai.pdf\">s\u00e9ance extraordinaire du 27 mai<\/a><\/li>\n<li><a href=\"https:\/\/munpdg.ca\/wp-content\/uploads\/2025\/06\/proces-verbal-seance-du-12-mai-2025.pdf\">s\u00e9ance ordinaire du 12 mai 2025<\/a><\/li>\n<li><a href=\"https:\/\/munpdg.ca\/wp-content\/uploads\/2025\/05\/proces-verbal-de-la-seance-du-14-avril.pdf\">s\u00e9ance ordinaire du 14 avril<\/a><\/li>\n<li><a href=\"https:\/\/munpdg.ca\/wp-content\/uploads\/2025\/04\/seance-extraordinaire-du-10-avril-2025.pdf\">s\u00e9ance extraordinaire du 10 avril 2025<\/a><\/li>\n<li><a href=\"https:\/\/munpdg.ca\/wp-content\/uploads\/2025\/04\/seance-extraordinaire-du-24-mars-2025.pdf\">s\u00e9ance extraordinaire du 24 mars 2025<\/a><\/li>\n<li><a href=\"https:\/\/munpdg.ca\/wp-content\/uploads\/2025\/04\/proces-verbal-de-la-seance-du-10-mars.docx\">s\u00e9ance ordinaire\u00a0 du 10 mars<\/a><\/li>\n<li><a href=\"https:\/\/munpdg.ca\/wp-content\/uploads\/2025\/03\/seance-extraordinaire-du-25-fevrier-2025-avec-renonciation.pdf\">s\u00e9ance extraordinaire du 25 f\u00e9vrier 2025 avec renonciation<\/a><\/li>\n<li><a href=\"https:\/\/munpdg.ca\/wp-content\/uploads\/2025\/03\/proces-verbal-de-la-seance-du-10-fevrier.pdf\">s\u00e9ance ordinaire du 10 f\u00e9vrier<\/a><\/li>\n<li><a href=\"https:\/\/munpdg.ca\/wp-content\/uploads\/2025\/02\/seance-extraordinaire-du-6-fevrier-2025.pdf\">s\u00e9ance extraordinaire du 6 f\u00e9vrier 2025<\/a><\/li>\n<li><a href=\"https:\/\/munpdg.ca\/wp-content\/uploads\/2025\/02\/proces-verbal-de-la-seance-ordinaire-du-13-janvier-2025.pdf\">s\u00e9ance ordinaire du 13 janvier 2025<\/a><\/li>\n<\/ul>\n<p><span style=\"font-size: 14pt;\">2024<\/span><\/p>\n<ul style=\"list-style-type: square;\">\n<li><a href=\"https:\/\/munpdg.ca\/wp-content\/uploads\/2025\/01\/seance-extra-du-18-decembre-18h30.pdf\">s\u00e9ance extraordinaire\u00a0 du 18 d\u00e9cembre\u00a0 &#8211; 18h30<\/a><\/li>\n<li><a href=\"https:\/\/munpdg.ca\/wp-content\/uploads\/2025\/01\/seance-extra-du-18-decembre-18h00-budget.pdf\">s\u00e9ance extraordinaire du 18 d\u00e9cembre 18h00 budget<\/a><\/li>\n<li><a href=\"https:\/\/munpdg.ca\/wp-content\/uploads\/2025\/01\/pv-de-la-seance-du-17-decembre-2024.pdf\">s\u00e9ance extraordinaire du 17 d\u00e9cembre 2024<\/a><\/li>\n<li><a href=\"https:\/\/munpdg.ca\/wp-content\/uploads\/2025\/01\/proces-verbal-seance-ordinaire-du-9-decembre-2024.pdf\">s\u00e9ance ordinaire du 9 d\u00e9cembre 2024<\/a><\/li>\n<li><a href=\"https:\/\/munpdg.ca\/wp-content\/uploads\/2024\/12\/pv-de-la-seance-extraordinaire-du-26-novembre.pdf\">s\u00e9ance extraordinaire du 26 novembre 2024<\/a><\/li>\n<li><a href=\"https:\/\/munpdg.ca\/wp-content\/uploads\/2024\/12\/proces-verbal-de-la-seance-ordinaire-du-12-novembre-2024.pdf\">s\u00e9ance ordinaire du 12 novembre 2024<\/a><\/li>\n<li><a href=\"https:\/\/munpdg.ca\/wp-content\/uploads\/2024\/10\/proces-verbal-de-la-seance-extraordinaire-du-10-octobre.pdf\">s\u00e9ance extraordinaire du 10 octobre<\/a><\/li>\n<li><a href=\"https:\/\/munpdg.ca\/wp-content\/uploads\/2024\/10\/proces-verbal-de-la-seance-extra-du-24-septembre.pdf\">s\u00e9ance extraordinaire du 24 septembre<\/a><\/li>\n<li><a href=\"https:\/\/munpdg.ca\/wp-content\/uploads\/2024\/10\/proces-verbal-de-la-seance-extra-du-19-septembre-2024.pdf\">s\u00e9ance extraordinaire du 19 septembre 2024<\/a><\/li>\n<li><a href=\"https:\/\/munpdg.ca\/wp-content\/uploads\/2024\/10\/proces-verbal-de-la-seance-du-9-septembre-2024.pdf\">s\u00e9ance ordinaire du 9 septembre 2024<\/a><\/li>\n<li><a href=\"https:\/\/munpdg.ca\/wp-content\/uploads\/2024\/09\/proces-verbal-seance-du-12-aout-2024.pdf\">s\u00e9ance ordinaire du 12 ao\u00fbt 2024<\/a><\/li>\n<li><a href=\"https:\/\/munpdg.ca\/wp-content\/uploads\/2024\/08\/proces-verbal-de-la-seance-ordinaire-du-8-juillet-2024.pdf\">s\u00e9ance ordinaire du 8 juillet 2024<\/a><\/li>\n<li><a href=\"https:\/\/munpdg.ca\/wp-content\/uploads\/2024\/07\/proces-verbal-de-la-seance-extraordinaire-du-27-juin.pdf\">s\u00e9ance extraordinaire du 27 juin<\/a><\/li>\n<li><a href=\"https:\/\/munpdg.ca\/wp-content\/uploads\/2024\/07\/proces-verbal-de-la-seance-ordinaire-du-10-juin.pdf\">s\u00e9ance ordinaire du 10 juin<\/a><\/li>\n<li><a href=\"https:\/\/munpdg.ca\/wp-content\/uploads\/2024\/06\/proces-verbal-de-la-seance-extraordinaire-du-29-mai.pdf\">s\u00e9ance extraordinaire du 29 mai<\/a><\/li>\n<li><a href=\"https:\/\/munpdg.ca\/wp-content\/uploads\/2024\/06\/proces-verbal-de-la-seance-extraordinaire-du-16-mai.pdf\">s\u00e9ance extraordinaire du 16 mai<\/a><\/li>\n<li><a href=\"https:\/\/munpdg.ca\/wp-content\/uploads\/2024\/06\/proces-verbal-de-la-seance-ordinaire-du-13-mai-2024.pdf\">s\u00e9ance ordinaire du 13 mai 2024<\/a><\/li>\n<li><a href=\"https:\/\/munpdg.ca\/wp-content\/uploads\/2024\/05\/proces-verbal-de-la-seance-extraordinaire-du-1er-mai.pdf\">s\u00e9ance extraordinaire du 1er mai<\/a><\/li>\n<li><a href=\"https:\/\/munpdg.ca\/wp-content\/uploads\/2024\/05\/proces-verbal-de-la-seance-ordinaire-du-8-avril-2024.pdf\">s\u00e9ance ordinaire du 8 avril 2024<\/a><\/li>\n<li><a href=\"https:\/\/munpdg.ca\/wp-content\/uploads\/2024\/04\/proces-verbal-de-correction-8-avril-2024.pdf\">proc\u00e8s-verbal de correction 8 avril 2024<\/a><\/li>\n<li><a href=\"https:\/\/munpdg.ca\/wp-content\/uploads\/2024\/04\/proces-verbal-de-la-seance-du-11-mars-2024.pdf\">s\u00e9ance ordinaire du 11 mars 2024<\/a><\/li>\n<li><a href=\"https:\/\/munpdg.ca\/wp-content\/uploads\/2024\/03\/proces-verbal-de-la-seance-ordinaire-du-12-fevrier.pdf\">s\u00e9ance ordinaire du 12 f\u00e9vrier<\/a><\/li>\n<li><a href=\"https:\/\/munpdg.ca\/wp-content\/uploads\/2024\/02\/seance-extraordinaire-du-29-janvier.pdf\">s\u00e9ance extraordinaire du 29 janvier<\/a><\/li>\n<li><a href=\"https:\/\/munpdg.ca\/wp-content\/uploads\/2024\/02\/seance-extraordinaire-du-17-janvier-2024.pdf\">s\u00e9ance extraordinaire du 17 janvier 2024<\/a><\/li>\n<li><a href=\"https:\/\/munpdg.ca\/wp-content\/uploads\/2024\/02\/proces-verbal-de-la-seance-du-15-janvier-2024.pdf\">s\u00e9ance ordinaire du 15 janvier 2024<\/a><\/li>\n<\/ul>\n<p><span style=\"font-size: 18pt;\">2023<\/span><\/p>\n<ul style=\"list-style-type: square;\">\n<li><a href=\"https:\/\/munpdg.ca\/wp-content\/uploads\/2024\/01\/seance-extra-du-19-decembre-18h30.pdf\">s\u00e9ance extraordinaire du 19 d\u00e9cembre 18h30<\/a><\/li>\n<li><a href=\"https:\/\/munpdg.ca\/wp-content\/uploads\/2024\/01\/seance-extra-du-19-decembre-18h00-budget.pdf\">s\u00e9ance extraordinaire\u00a0 du 19 d\u00e9cembre 18h00 budget<\/a><\/li>\n<li><a href=\"https:\/\/munpdg.ca\/wp-content\/uploads\/2024\/01\/proces-verbal-seance-ordinaire-du-11-decembre-2023.pdf\">s\u00e9ance ordinaire du 11 d\u00e9cembre 2023<\/a><\/li>\n<li><a href=\"https:\/\/munpdg.ca\/wp-content\/uploads\/2023\/12\/seance-extraordinaire-du-6-decembre-2023.pdf\">s\u00e9ance extraordinaire du 6 d\u00e9cembre 2023<\/a><\/li>\n<li><a href=\"https:\/\/munpdg.ca\/wp-content\/uploads\/2023\/12\/proces-verbal-de-la-seance-ordinaire-du-13-novembre-2023.pdf\">s\u00e9ance ordinaire du 13 novembre 2023<\/a><\/li>\n<li><a href=\"https:\/\/munpdg.ca\/wp-content\/uploads\/2023\/11\/seance-extraordinaire-du-1er-novembre-2023.pdf\">s\u00e9ance extraordinaire du 1er novembre 2023<\/a><\/li>\n<li><a href=\"https:\/\/munpdg.ca\/wp-content\/uploads\/2023\/11\/proces-verbal-de-la-seance-ordinaire-du-10-octobre-2023.pdf\">s\u00e9ance ordinaire du 10 octobre 2023<\/a><\/li>\n<li><a href=\"https:\/\/munpdg.ca\/wp-content\/uploads\/2023\/10\/proces-verbal-de-la-seance-ordinaire-du-11-septembre.pdf\">s\u00e9ance ordinaire du 11 septembre<\/a><\/li>\n<li><a href=\"https:\/\/munpdg.ca\/wp-content\/uploads\/2023\/09\/proces-verbal-de-la-seance-ordinaire-du-14-aout-2023.pdf\">s\u00e9ance ordinaire du 14 ao\u00fbt 2023<\/a><\/li>\n<li>s\u00e9ance ordinaire du 10 juillet 2023<\/li>\n<li><a href=\"https:\/\/munpdg.ca\/wp-content\/uploads\/2023\/07\/seance-extraordinaire-du-29-juin-2023.pdf\">s\u00e9ance extraordinaire du 29 juin 2023<\/a><\/li>\n<li><a href=\"https:\/\/munpdg.ca\/wp-content\/uploads\/2023\/07\/proces-verbal-de-la-seance-ordinaire-du-12-juin.pdf\">s\u00e9ance ordinaire du 12 juin<\/a><\/li>\n<li><a href=\"https:\/\/munpdg.ca\/wp-content\/uploads\/2023\/06\/seance-extraordinaire-du-8-juin-2023.pdf\">s\u00e9ance extraordinaire du 8 juin 2023<\/a><\/li>\n<li><a href=\"https:\/\/munpdg.ca\/wp-content\/uploads\/2023\/06\/seance-extraordinaire-du-17-mai-2023.pdf\">s\u00e9ance extraordinaire du 17 mai 2023<\/a><\/li>\n<li><a href=\"https:\/\/munpdg.ca\/wp-content\/uploads\/2023\/06\/proces-verbal-de-la-seance-ordinaire-du-8-mai-2023.pdf\">s\u00e9ance ordinaire du 8 mai 2023<\/a><\/li>\n<li><a href=\"https:\/\/munpdg.ca\/wp-content\/uploads\/2023\/05\/procees-verbal-de-correction-8-mai-2023.pdf\">proc\u00e8s-verbal de correction 8 mai 2023<\/a><\/li>\n<li><a href=\"https:\/\/munpdg.ca\/wp-content\/uploads\/2023\/05\/seance-extraordinaire-du-20-avril-2023.pdf\">s\u00e9ance extraordinaire du 20 avril 2023<\/a><\/li>\n<li><a href=\"https:\/\/munpdg.ca\/wp-content\/uploads\/2023\/05\/procas-verbal-de-la-seance-ordinaire-du-11-avril-2023-.pdf\">s\u00e9ance ordinaire du 11 avril 2023<\/a><\/li>\n<li><a href=\"https:\/\/munpdg.ca\/wp-content\/uploads\/2023\/04\/seance-extraordinaire-du-29-mars-2023.pdf\">s\u00e9ance extraordinaire du 29 mars 2023<\/a><\/li>\n<li><a href=\"https:\/\/munpdg.ca\/wp-content\/uploads\/2023\/04\/proces-verbal-seance-ordinaire-du-13-mars-2023.pdf\">s\u00e9ance ordinaire du 13 mars 2023<\/a><\/li>\n<li><a href=\"https:\/\/munpdg.ca\/wp-content\/uploads\/2023\/03\/proces-verbal-de-la-seance-ordinaire-du-13-fevrier.pdf\">s\u00e9ance ordinaire du 13 f\u00e9vrier 2023<\/a><\/li>\n<li><a href=\"https:\/\/munpdg.ca\/wp-content\/uploads\/2023\/02\/seance-extraordinaire-du-9-fevrier-2023.pdf\">s\u00e9ance extraordinaire du 9 f\u00e9vrier 2023<\/a><\/li>\n<li><a href=\"https:\/\/munpdg.ca\/wp-content\/uploads\/2023\/02\/proces-verbal-de-la-seance-du-16-janvier.pdf\">s\u00e9ance ordinaire du 16 janvier 2023<\/a><\/li>\n<li><a href=\"https:\/\/munpdg.ca\/wp-content\/uploads\/2023\/02\/seance-extraordinaire-du-12-janvier-2023.pdf\">s\u00e9ance extraordinaire du 12 janvier 2023<\/a><\/li>\n<\/ul>\n<p><span style=\"font-size: 18pt; color: #ff0000;\">2022<\/span><\/p>\n<ul style=\"list-style-type: disc;\">\n<li><a href=\"https:\/\/munpdg.ca\/wp-content\/uploads\/2023\/01\/seance-extra-du-20-decembre-18h00-budget.pdf\">s\u00e9ance extraordinaire\u00a0 du 20 d\u00e9cembre (18h00) budget<\/a><\/li>\n<li><a href=\"https:\/\/munpdg.ca\/wp-content\/uploads\/2023\/01\/seance-extraordinaire-du-20-decembre-2022-17h30-pv.pdf\">s\u00e9ance extraordinaire du 20 d\u00e9cembre\u00a0 (17h30<\/a>)<\/li>\n<li><a href=\"https:\/\/munpdg.ca\/wp-content\/uploads\/2023\/01\/proces-verbal-de-la-seance-du-12-decembre-2022.pdf\">s\u00e9ance ordinaire du 12 d\u00e9cembre 2022<\/a><\/li>\n<li><a href=\"https:\/\/munpdg.ca\/wp-content\/uploads\/2022\/12\/seance-extraordinaire-du-8-decembre-2022-pv.pdf\">s\u00e9ance extraordinaire du 8 d\u00e9cembre 2022\u00a0<\/a><\/li>\n<li><a href=\"https:\/\/munpdg.ca\/wp-content\/uploads\/2022\/12\/proces-verbal-de-seance-extraordinaire-du-30-novembre-2022.pdf\">s\u00e9ance extraordinaire du 30 novembre 2022<\/a><\/li>\n<li><a href=\"https:\/\/munpdg.ca\/wp-content\/uploads\/2022\/12\/seance-ordinaire-du-14-novembre-2022.pdf\">s\u00e9ance ordinaire du 14 novembre 2022<\/a><\/li>\n<li><a href=\"https:\/\/munpdg.ca\/wp-content\/uploads\/2022\/11\/proces-verbal-de-la-seance-extra-du-3-novembre-2022.pdf\">s\u00e9ance extraordinaire\u00a0 du 3 novembre 2022<\/a><\/li>\n<li><a href=\"https:\/\/munpdg.ca\/wp-content\/uploads\/2022\/11\/proces-verbal-de-la-seance-ordinaire-du-10-octobre-2022.pdf\">s\u00e9ance ordinaire du 10 octobre 2022<\/a><\/li>\n<li><a href=\"https:\/\/munpdg.ca\/wp-content\/uploads\/2022\/10\/seance-extra-du-29-septembre-2022.pdf\">s\u00e9ance extraordinaire\u00a0 du 29 septembre 2022<\/a><\/li>\n<li><a href=\"https:\/\/munpdg.ca\/wp-content\/uploads\/2022\/10\/seance-extra-du-21-septembre-2022.pdf\">s\u00e9ance extraordinaire\u00a0 du 21 septembre 2022<\/a><\/li>\n<li><a href=\"https:\/\/munpdg.ca\/wp-content\/uploads\/2022\/10\/seance-ordinaire-du-12-septembre-2022.pdf\">s\u00e9ance ordinaire du 12 septembre 2022<\/a><\/li>\n<li><a href=\"https:\/\/munpdg.ca\/wp-content\/uploads\/2022\/09\/seance-extraordinaire-du-6-septembre-2022.pdf\">s\u00e9ance extraordinaire du 6 septembre 2022<\/a><\/li>\n<li><a href=\"https:\/\/munpdg.ca\/wp-content\/uploads\/2022\/09\/seance-extraordinaire-du-01-septembre-2022.pdf\">s\u00e9ance extraordinaire du 01 septembre 2022<\/a><\/li>\n<li><a href=\"https:\/\/munpdg.ca\/wp-content\/uploads\/2022\/09\/seance-extraordinaire-du-16-aout-2022.pdf\">s\u00e9ance extraordinaire du 16 ao\u00fbt 2022<\/a><\/li>\n<li><a href=\"https:\/\/munpdg.ca\/wp-content\/uploads\/2022\/09\/seance-ordinaire-du-8-aout-pv.pdf\">s\u00e9ance ordinaire du 8 ao\u00fbt pv<\/a><\/li>\n<li><a href=\"https:\/\/munpdg.ca\/wp-content\/uploads\/2022\/08\/seance-extraordinaire-du-14-juillet-2022.pdf\">s\u00e9ance extraordinaire du 14 juillet 2022<\/a><\/li>\n<li><a href=\"https:\/\/munpdg.ca\/wp-content\/uploads\/2022\/08\/seance-ordinaire-du-11-juillet-2022-pv.pdf\">s\u00e9ance ordinaire du 11 juillet 2022 <\/a><\/li>\n<li><a href=\"https:\/\/munpdg.ca\/wp-content\/uploads\/2022\/07\/seance-ordinaire-du-13-juin-2022.pdf\">s\u00e9ance ordinaire du 13 juin 2022<\/a><\/li>\n<li><a href=\"https:\/\/munpdg.ca\/wp-content\/uploads\/2022\/06\/seance-extraordinaire-du-2-juin-2022.pdf\">s\u00e9ance extraordinaire du 2 juin 2022<\/a><\/li>\n<li><a href=\"https:\/\/munpdg.ca\/wp-content\/uploads\/2022\/06\/seance-extraordinaire-du-19-mai-2022.pdf\">s\u00e9ance extraordinaire du 19 mai 2022<\/a><\/li>\n<li><a href=\"https:\/\/munpdg.ca\/wp-content\/uploads\/2022\/06\/seance-ordinaire-du-9-mai-2022.pdf\">s\u00e9ance ordinaire du 9 mai 2022<\/a><\/li>\n<li><a href=\"https:\/\/munpdg.ca\/wp-content\/uploads\/2022\/05\/seance-ordinaire-du-11-avril-2022.pdf\">s\u00e9ance ordinaire du 11 avril 2022<\/a><\/li>\n<li><a href=\"https:\/\/munpdg.ca\/wp-content\/uploads\/2022\/04\/seance-extraordinaire-du-21-mars-2022.pdf\">s\u00e9ance extraordinaire du 21 mars 2022<\/a><\/li>\n<li><a href=\"https:\/\/munpdg.ca\/wp-content\/uploads\/2022\/04\/seance-ordinaire-du-14-mars-2022-pv.pdf\">s\u00e9ance ordinaire du 14 mars 2022 <\/a><\/li>\n<li><a href=\"https:\/\/munpdg.ca\/wp-content\/uploads\/2022\/03\/proces-verbal-de-la-seance-ordinaire-du-7-fevrier-2022.pdf\">s\u00e9ance ordinaire du 7 f\u00e9vrier 2022<\/a><\/li>\n<li><a href=\"https:\/\/munpdg.ca\/wp-content\/uploads\/2022\/02\/seance-ordinaire-du-17-janvier-2022.pdf\">s\u00e9ance ordinaire du 17 janvier 2022<\/a><\/li>\n<li><a href=\"https:\/\/munpdg.ca\/wp-content\/uploads\/2022\/02\/seance-extra-du-17-janvier-2022.pdf\">s\u00e9ance extraordinaire\u00a0 du 17 janvier 2022<\/a><\/li>\n<\/ul>\n<p>&nbsp;<\/p>\n<p><span style=\"font-size: 18pt; color: #3366ff;\">2021<\/span><\/p>\n<ul style=\"list-style-type: disc;\">\n<li><a href=\"https:\/\/munpdg.ca\/wp-content\/uploads\/2022\/01\/proces-verbal-du-13-decembre-2021-seance-ordinaire.pdf\">s\u00e9ance ordinaire du 13 d\u00e9cembre 2021<\/a><\/li>\n<li><a href=\"https:\/\/munpdg.ca\/wp-content\/uploads\/2022\/01\/proces-verbal-de-la-seance-extra-du-13-decembre-2021.pdf\">s\u00e9ance extraordinaire\u00a0 du 13 d\u00e9cembre 2021<\/a><\/li>\n<li><a href=\"https:\/\/munpdg.ca\/wp-content\/uploads\/2021\/12\/seance-ordinaire-du-15-novembre-2021.pdf\">s\u00e9ance ordinaire du 15 novembre 2021<\/a><\/li>\n<li><a href=\"https:\/\/munpdg.ca\/wp-content\/uploads\/2021\/10\/seance-extra-du-29-septembre-2021.pdf\">s\u00e9ance extraordinaire du 29 septembre 2021<\/a><\/li>\n<li><a href=\"https:\/\/munpdg.ca\/wp-content\/uploads\/2021\/10\/seance-ordinaire-du-13-septembre-2021.pdf\">s\u00e9ance ordinaire du 13 septembre 2021<\/a><\/li>\n<li><a href=\"https:\/\/munpdg.ca\/wp-content\/uploads\/2021\/09\/SE-avec-renonciation-du-9-septembre-2021.pdf\">s\u00e9ance extraordinaire du 9 septembre 2021<\/a><\/li>\n<li><a href=\"https:\/\/munpdg.ca\/wp-content\/uploads\/2021\/09\/SE-avec-renonciation-du-1er-septembre-2021.pdf\">s\u00e9ance extraordinaire\u00a0 du 1er septembre 2021<\/a><\/li>\n<li><a href=\"https:\/\/munpdg.ca\/wp-content\/uploads\/2021\/09\/seance-extraordinaire-du-23-aout-2021.pdf\">s\u00e9ance extraordinaire du 23 ao\u00fbt 2021<\/a><\/li>\n<li><a href=\"https:\/\/munpdg.ca\/wp-content\/uploads\/2021\/09\/seance-ordinaire-du-9-aout-2021.pdf\">s\u00e9ance ordinaire du 9 ao\u00fbt 2021<\/a><\/li>\n<li><a href=\"https:\/\/munpdg.ca\/wp-content\/uploads\/2021\/08\/seance-extra-du-26-juillet-2021.pdf\">s\u00e9ance extraordinaire\u00a0 du 26 juillet 2021<\/a><\/li>\n<li><a href=\"https:\/\/munpdg.ca\/wp-content\/uploads\/2021\/08\/seance-ordinaire-du-12-juillet-2021.pdf\">s\u00e9ance ordinaire du 12 juillet 2021<\/a><\/li>\n<li><a href=\"https:\/\/munpdg.ca\/wp-content\/uploads\/2021\/07\/seance-extra-du-8-juillet-2021.pdf\">s\u00e9ance extraordinaire du 8 juillet 2021<\/a><\/li>\n<li><a href=\"https:\/\/munpdg.ca\/wp-content\/uploads\/2021\/07\/seance-extra-du-2-juillet-2021.pdf\">s\u00e9ance extraordinaire du 2 juillet 2021<\/a><\/li>\n<li><a href=\"https:\/\/munpdg.ca\/wp-content\/uploads\/2021\/07\/seance-extra-du-22-juin-2021.pdf\">s\u00e9ance extraordinaire\u00a0 du 22 juin 2021<\/a><\/li>\n<li><a href=\"https:\/\/munpdg.ca\/wp-content\/uploads\/2021\/07\/seance-ordinaire-du-14-juin-2021.pdf\">s\u00e9ance ordinaire du 14 juin 2021<\/a><\/li>\n<li><a href=\"https:\/\/munpdg.ca\/wp-content\/uploads\/2021\/06\/seance-extra-du-19-mai-2021.pdf\">s\u00e9ance extraordinaire\u00a0 du 19 mai 2021<\/a><\/li>\n<li><a href=\"https:\/\/munpdg.ca\/wp-content\/uploads\/2021\/06\/seance-ordinaire-du-10-mai-2021.pdf\">s\u00e9ance ordinaire du 10 mai 2021<\/a><\/li>\n<li><a href=\"https:\/\/munpdg.ca\/wp-content\/uploads\/2021\/05\/seance-ordinaire-du-12-avril-2021.pdf\">s\u00e9ance ordinaire du 12 avril 2021<\/a><\/li>\n<li><a href=\"https:\/\/munpdg.ca\/wp-content\/uploads\/2021\/04\/seance-extraordinaire-du-25-mars-2021.pdf\">s\u00e9ance extraordinaire du 25 mars 2021<\/a><\/li>\n<li><a href=\"https:\/\/munpdg.ca\/wp-content\/uploads\/2021\/04\/seance-ordinaire-du-8-mars-2021.pdf\">s\u00e9ance ordinaire du 8 mars 2021<\/a><\/li>\n<\/ul>\n<ul style=\"list-style-type: square;\">\n<li><a href=\"https:\/\/munpdg.ca\/wp-content\/uploads\/2021\/03\/seance-extraordinaire-du-2-mars-2021.pdf\">s\u00e9ance extraordinaire du 2 mars 2021<\/a><\/li>\n<li><a href=\"https:\/\/munpdg.ca\/wp-content\/uploads\/2021\/03\/seance-extraordinaire-du-18-fevrier-2021.pdf\">s\u00e9ance extraordinaire du 18 f\u00e9vrier 2021<\/a><\/li>\n<li><a href=\"https:\/\/munpdg.ca\/wp-content\/uploads\/2021\/03\/seance-ordinaire-du-8-fevrier-2021.pdf\">s\u00e9ance ordinaire du 8 f\u00e9vrier 2021<\/a><\/li>\n<li><a href=\"https:\/\/munpdg.ca\/wp-content\/uploads\/2021\/02\/seance-extraordinaire-du-26-janvier-2021.pdf\">s\u00e9ance extraordinaire du 26 janvier 2021<\/a><\/li>\n<li><a href=\"https:\/\/munpdg.ca\/wp-content\/uploads\/2021\/02\/seance-ordinaire-du-18-janvier-2021-1.pdf\">s\u00e9ance ordinaire du 18 janvier 2021<\/a><\/li>\n<\/ul>\n<p><span style=\"color: #0000ff; font-size: 14pt;\">2020<\/span><\/p>\n<ul style=\"list-style-type: disc;\">\n<li><a href=\"https:\/\/munpdg.ca\/wp-content\/uploads\/2021\/01\/seance-extra-21-decembre-2020.pdf\">s\u00e9ance extra 21 d\u00e9cembre 2020<\/a><\/li>\n<li><a href=\"https:\/\/munpdg.ca\/wp-content\/uploads\/2021\/01\/17-decembre-2020-avis-de-motion-taxation-2021-2.pdf\">17 d\u00e9cembre 2020 &#8211; avis de motion &#8211; taxation 2021 (2)<\/a><\/li>\n<li><a href=\"https:\/\/munpdg.ca\/wp-content\/uploads\/2021\/01\/17-decembre-2020-previsions-budgetaires-2021.pdf\">17 d\u00e9cembre 2020 &#8211; pr\u00e9visions budg\u00e9taires 2021<\/a><\/li>\n<li><a href=\"https:\/\/munpdg.ca\/wp-content\/uploads\/2021\/01\/seance-ordinaire-du-14-decembre-2020.pdf\">s\u00e9ance ordinaire du 14 d\u00e9cembre 2020<\/a><\/li>\n<li><a href=\"https:\/\/munpdg.ca\/wp-content\/uploads\/2020\/12\/seance-extra-2-decembre-2020.pdf\">s\u00e9ance extra 2 d\u00e9cembre 2020<\/a><\/li>\n<li><a href=\"https:\/\/munpdg.ca\/wp-content\/uploads\/2020\/12\/proces-verbal-de-correction-9-novembre.pdf\">proc\u00e8s-verbal de correction &#8211; 9 novembre<\/a><\/li>\n<li><a href=\"https:\/\/munpdg.ca\/wp-content\/uploads\/2020\/11\/seance-ordinaire-du-9-novembre-2020.html\">s\u00e9ance ordinaire du 9 novembre 2020<\/a><\/li>\n<li><a href=\"https:\/\/munpdg.ca\/wp-content\/uploads\/2020\/11\/seance-ordinaire-du-13-octobre-2020-site.pdf\">s\u00e9ance ordinaire du 13 octobre 2020 &#8211; <\/a><\/li>\n<li><a href=\"https:\/\/munpdg.ca\/wp-content\/uploads\/2020\/10\/2020-10-05-SE.pdf\">s\u00e9ance extraordinaire du 5 octobre 2020<\/a><\/li>\n<li><a href=\"https:\/\/munpdg.ca\/wp-content\/uploads\/2020\/10\/2020-10-01-SE.pdf\">s\u00e9ance extraordinaire du 1er octobre 2020<\/a><\/li>\n<li><a href=\"https:\/\/munpdg.ca\/wp-content\/uploads\/2020\/10\/2020-09-14.pdf\">s\u00e9ance ordinaire du 14 septembre 2020<\/a><\/li>\n<li><a href=\"https:\/\/munpdg.ca\/wp-content\/uploads\/2020\/09\/2020-08-31-SE.pdf\">s\u00e9ance extraordinaire du 31 ao\u00fbt 2020<\/a><\/li>\n<li><a href=\"https:\/\/munpdg.ca\/wp-content\/uploads\/2020\/09\/2020-08-13-SE.pdf\">s\u00e9ance extraordinaire du 13 ao\u00fbt 2020<\/a><\/li>\n<li><a href=\"https:\/\/munpdg.ca\/wp-content\/uploads\/2020\/09\/2020-08-10-1.pdf\">s\u00e9ance ordinaire du 10 ao\u00fbt 2020<\/a><\/li>\n<li><a href=\"https:\/\/munpdg.ca\/wp-content\/uploads\/2020\/08\/2020-07-13.pdf\">s\u00e9ance ordinaire du 13 juillet 2020<\/a><\/li>\n<li><a href=\"https:\/\/munpdg.ca\/wp-content\/uploads\/2020\/07\/proces-verbal-du-22-juin-2020-SE.pdf\">s\u00e9ance extraordinaire du 22 juin 2020 <\/a><\/li>\n<li><a href=\"https:\/\/munpdg.ca\/wp-content\/uploads\/2020\/07\/proces-verbal-du-15-juin-2020-SE.pdf\">s\u00e9ance extraordinaire du 15 juin 2020 <\/a><\/li>\n<li><a href=\"https:\/\/munpdg.ca\/wp-content\/uploads\/2020\/07\/proces-verbal-du-8-juin-2020.pdf\">s\u00e9ance ordinaire<\/a> <a href=\"https:\/\/munpdg.ca\/wp-content\/uploads\/2020\/07\/proces-verbal-du-8-juin-2020.pdf\">du 8 juin 2020<\/a><\/li>\n<li><a href=\"https:\/\/munpdg.ca\/wp-content\/uploads\/2020\/06\/proces-verbal-du-26-mai-2020-SE.pdf\">s\u00e9ance extraordinaire\u00a0 du 26 mai 2020 <\/a><\/li>\n<li><a href=\"https:\/\/munpdg.ca\/wp-content\/uploads\/2020\/06\/proces-verbal-du-21-mai-2020-SE.pdf\">s\u00e9ance extraordinaire du 21 mai 2020 <\/a><\/li>\n<li><a href=\"https:\/\/munpdg.ca\/wp-content\/uploads\/2020\/06\/proces-verbal-du-11-mai-2020.pdf\">s\u00e9ance ordinaire du 11 mai 2020<\/a><\/li>\n<li><a href=\"https:\/\/munpdg.ca\/wp-content\/uploads\/2020\/05\/proces-verbal-du-7-mai-2020.pdf\">s\u00e9ance extraordinaire du 7 mai 2020<\/a><\/li>\n<li><a href=\"https:\/\/munpdg.ca\/wp-content\/uploads\/2020\/05\/proces-verbal-SE-22-avril-2020.pdf\">s\u00e9ance extraordiaire du 22 avril 2020<\/a><\/li>\n<li><a href=\"https:\/\/munpdg.ca\/wp-content\/uploads\/2020\/05\/proces-verbal-du-14-avril-2020-2.pdf\">s\u00e9ance ordinaire du 14 avril 2020<\/a><\/li>\n<li><a href=\"https:\/\/munpdg.ca\/wp-content\/uploads\/2020\/04\/proces-verbal-du-30-mars-2020.pdf\">s\u00e9ance extraordinaire du 30 mars 2020<\/a><\/li>\n<li><a href=\"https:\/\/munpdg.ca\/wp-content\/uploads\/2020\/04\/pv-du-18-mars-2020.pdf\">s\u00e9ance extraordinaire du 18 mars 2020<\/a><\/li>\n<li><a href=\"https:\/\/munpdg.ca\/wp-content\/uploads\/2020\/04\/proces-verbal-du-09-mars-2020.pdf\">s\u00e9ance ordinaire du 09 mars 2020<\/a><\/li>\n<li><a href=\"https:\/\/munpdg.ca\/wp-content\/uploads\/2020\/03\/proces-verbal-du-2-mars-2020-1.pdf\">s\u00e9ance extraordinaire\u00a0 du 2 mars 2020<\/a><\/li>\n<li><a href=\"https:\/\/munpdg.ca\/wp-content\/uploads\/2020\/03\/proces-verbal-du-20-fevrier-2020-1.pdf\">s\u00e9ance extraordinaire\u00a0 du 20 f\u00e9vrier 2020<\/a><\/li>\n<li><a href=\"https:\/\/munpdg.ca\/wp-content\/uploads\/2020\/03\/proces-verbal-du-12-fevrier-2020-1.pdf\">s\u00e9ance extraordinaire du 12 f\u00e9vrier 2020<\/a><\/li>\n<li><a href=\"https:\/\/munpdg.ca\/wp-content\/uploads\/2020\/03\/proces-verbal-du-10-fevrier-2020-1.pdf\">s\u00e9ance ordinaire du 10 f\u00e9vrier 2020<\/a><\/li>\n<li><a href=\"https:\/\/munpdg.ca\/wp-content\/uploads\/2020\/02\/pv-SE-du-24-janvier-2020.pdf\">s\u00e9ance extraordinaire du 24 janvier 2020<\/a><\/li>\n<li><a href=\"https:\/\/munpdg.ca\/wp-content\/uploads\/2020\/02\/pv-SE-du-16-janvier-2020.pdf\">s\u00e9ance extraordinaire\u00a0 du 16 janvier 2020<\/a><\/li>\n<li><a href=\"https:\/\/munpdg.ca\/wp-content\/uploads\/2020\/02\/proces-verbal-du-13-janvier-2020.pdf\">s\u00e9ance ordinaire\u00a0 du 13 janvier 2020<\/a><\/li>\n<\/ul>\n<p>&nbsp;<\/p>\n<p>&nbsp;<\/p>\n<p>&nbsp;<\/p>\n<ul><\/ul>\n<ul style=\"list-style-type: circle;\"><\/ul>\n","protected":false},"excerpt":{"rendered":"<p>Note that the minutes must be adopted before being \u00a0published 2025 s\u00e9ance ordinaire du 10 novembre 2025 s\u00e9ance ordinaire du 1er octobre 2025 s\u00e9ance extraordinaire du 23 septembre 2025 s\u00e9ance extraordinaire du 16 septembre 2025 s\u00e9ance ordinaire du 8 septembre 2025 s\u00e9ance ordinaire du 11 ao\u00fbt 2025\u00a0 s\u00e9ance extraordinaire du 23 juillet s\u00e9ance ordinaire du [&hellip;]<\/p>\n","protected":false},"author":3,"featured_media":0,"parent":0,"menu_order":0,"comment_status":"closed","ping_status":"closed","template":"","meta":{"_mi_skip_tracking":false,"_monsterinsights_sitenote_active":false,"_monsterinsights_sitenote_note":"","_monsterinsights_sitenote_category":0,"footnotes":""},"class_list":["post-1787","page","type-page","status-publish","hentry"],"yoast_head":"<!-- This site is optimized with the Yoast SEO plugin v21.4 - https:\/\/yoast.com\/wordpress\/plugins\/seo\/ -->\n<title>Meeting minutes - Municipalit\u00e9 de Port-Daniel\u2013Gascons<\/title>\n<meta name=\"robots\" content=\"index, follow, max-snippet:-1, max-image-preview:large, max-video-preview:-1\" \/>\n<link rel=\"canonical\" href=\"https:\/\/munpdg.ca\/en\/meeting-minutes\/\" \/>\n<meta property=\"og:locale\" content=\"en_US\" \/>\n<meta property=\"og:type\" content=\"article\" \/>\n<meta property=\"og:title\" content=\"Meeting minutes - Municipalit\u00e9 de Port-Daniel\u2013Gascons\" \/>\n<meta property=\"og:description\" content=\"Note that the minutes must be adopted before being \u00a0published 2025 s\u00e9ance ordinaire du 10 novembre 2025 s\u00e9ance ordinaire du 1er octobre 2025 s\u00e9ance extraordinaire du 23 septembre 2025 s\u00e9ance extraordinaire du 16 septembre 2025 s\u00e9ance ordinaire du 8 septembre 2025 s\u00e9ance ordinaire du 11 ao\u00fbt 2025\u00a0 s\u00e9ance extraordinaire du 23 juillet s\u00e9ance ordinaire du [&hellip;]\" \/>\n<meta property=\"og:url\" content=\"https:\/\/munpdg.ca\/en\/meeting-minutes\/\" \/>\n<meta property=\"og:site_name\" content=\"Municipalit\u00e9 de Port-Daniel\u2013Gascons\" \/>\n<meta property=\"article:modified_time\" content=\"2025-12-15T18:54:46+00:00\" \/>\n<meta name=\"twitter:card\" content=\"summary_large_image\" \/>\n<meta name=\"twitter:label1\" content=\"Est. reading time\" \/>\n\t<meta name=\"twitter:data1\" content=\"5 minutes\" \/>\n<script type=\"application\/ld+json\" class=\"yoast-schema-graph\">{\"@context\":\"https:\/\/schema.org\",\"@graph\":[{\"@type\":\"WebPage\",\"@id\":\"https:\/\/munpdg.ca\/en\/meeting-minutes\/\",\"url\":\"https:\/\/munpdg.ca\/en\/meeting-minutes\/\",\"name\":\"Meeting minutes - Municipalit\u00e9 de Port-Daniel\u2013Gascons\",\"isPartOf\":{\"@id\":\"https:\/\/munpdg.ca\/en\/#website\"},\"datePublished\":\"2022-01-18T16:17:49+00:00\",\"dateModified\":\"2025-12-15T18:54:46+00:00\",\"breadcrumb\":{\"@id\":\"https:\/\/munpdg.ca\/en\/meeting-minutes\/#breadcrumb\"},\"inLanguage\":\"en-US\",\"potentialAction\":[{\"@type\":\"ReadAction\",\"target\":[\"https:\/\/munpdg.ca\/en\/meeting-minutes\/\"]}]},{\"@type\":\"BreadcrumbList\",\"@id\":\"https:\/\/munpdg.ca\/en\/meeting-minutes\/#breadcrumb\",\"itemListElement\":[{\"@type\":\"ListItem\",\"position\":1,\"name\":\"Accueil\",\"item\":\"https:\/\/munpdg.ca\/en\/\"},{\"@type\":\"ListItem\",\"position\":2,\"name\":\"Meeting minutes\"}]},{\"@type\":\"WebSite\",\"@id\":\"https:\/\/munpdg.ca\/en\/#website\",\"url\":\"https:\/\/munpdg.ca\/en\/\",\"name\":\"Municipalit\u00e9 de Port-Daniel\u2013Gascons\",\"description\":\"Un meilleur avenir pour tous\",\"publisher\":{\"@id\":\"https:\/\/munpdg.ca\/en\/#organization\"},\"potentialAction\":[{\"@type\":\"SearchAction\",\"target\":{\"@type\":\"EntryPoint\",\"urlTemplate\":\"https:\/\/munpdg.ca\/en\/?s={search_term_string}\"},\"query-input\":\"required name=search_term_string\"}],\"inLanguage\":\"en-US\"},{\"@type\":\"Organization\",\"@id\":\"https:\/\/munpdg.ca\/en\/#organization\",\"name\":\"Municipalit\u00e9 de Port-Daniel\u2013Gascons\",\"url\":\"https:\/\/munpdg.ca\/en\/\",\"logo\":{\"@type\":\"ImageObject\",\"inLanguage\":\"en-US\",\"@id\":\"https:\/\/munpdg.ca\/en\/#\/schema\/logo\/image\/\",\"url\":\"https:\/\/munpdg.ca\/wp-content\/uploads\/2017\/08\/port-daniel-gascons-logo.png\",\"contentUrl\":\"https:\/\/munpdg.ca\/wp-content\/uploads\/2017\/08\/port-daniel-gascons-logo.png\",\"width\":129,\"height\":141,\"caption\":\"Municipalit\u00e9 de Port-Daniel\u2013Gascons\"},\"image\":{\"@id\":\"https:\/\/munpdg.ca\/en\/#\/schema\/logo\/image\/\"}}]}<\/script>\n<!-- \/ Yoast SEO plugin. -->","yoast_head_json":{"title":"Meeting minutes - Municipalit\u00e9 de Port-Daniel\u2013Gascons","robots":{"index":"index","follow":"follow","max-snippet":"max-snippet:-1","max-image-preview":"max-image-preview:large","max-video-preview":"max-video-preview:-1"},"canonical":"https:\/\/munpdg.ca\/en\/meeting-minutes\/","og_locale":"en_US","og_type":"article","og_title":"Meeting minutes - Municipalit\u00e9 de Port-Daniel\u2013Gascons","og_description":"Note that the minutes must be adopted before being \u00a0published 2025 s\u00e9ance ordinaire du 10 novembre 2025 s\u00e9ance ordinaire du 1er octobre 2025 s\u00e9ance extraordinaire du 23 septembre 2025 s\u00e9ance extraordinaire du 16 septembre 2025 s\u00e9ance ordinaire du 8 septembre 2025 s\u00e9ance ordinaire du 11 ao\u00fbt 2025\u00a0 s\u00e9ance extraordinaire du 23 juillet s\u00e9ance ordinaire du [&hellip;]","og_url":"https:\/\/munpdg.ca\/en\/meeting-minutes\/","og_site_name":"Municipalit\u00e9 de Port-Daniel\u2013Gascons","article_modified_time":"2025-12-15T18:54:46+00:00","twitter_card":"summary_large_image","twitter_misc":{"Est. reading time":"5 minutes"},"schema":{"@context":"https:\/\/schema.org","@graph":[{"@type":"WebPage","@id":"https:\/\/munpdg.ca\/en\/meeting-minutes\/","url":"https:\/\/munpdg.ca\/en\/meeting-minutes\/","name":"Meeting minutes - Municipalit\u00e9 de Port-Daniel\u2013Gascons","isPartOf":{"@id":"https:\/\/munpdg.ca\/en\/#website"},"datePublished":"2022-01-18T16:17:49+00:00","dateModified":"2025-12-15T18:54:46+00:00","breadcrumb":{"@id":"https:\/\/munpdg.ca\/en\/meeting-minutes\/#breadcrumb"},"inLanguage":"en-US","potentialAction":[{"@type":"ReadAction","target":["https:\/\/munpdg.ca\/en\/meeting-minutes\/"]}]},{"@type":"BreadcrumbList","@id":"https:\/\/munpdg.ca\/en\/meeting-minutes\/#breadcrumb","itemListElement":[{"@type":"ListItem","position":1,"name":"Accueil","item":"https:\/\/munpdg.ca\/en\/"},{"@type":"ListItem","position":2,"name":"Meeting minutes"}]},{"@type":"WebSite","@id":"https:\/\/munpdg.ca\/en\/#website","url":"https:\/\/munpdg.ca\/en\/","name":"Municipalit\u00e9 de Port-Daniel\u2013Gascons","description":"Un meilleur avenir pour tous","publisher":{"@id":"https:\/\/munpdg.ca\/en\/#organization"},"potentialAction":[{"@type":"SearchAction","target":{"@type":"EntryPoint","urlTemplate":"https:\/\/munpdg.ca\/en\/?s={search_term_string}"},"query-input":"required name=search_term_string"}],"inLanguage":"en-US"},{"@type":"Organization","@id":"https:\/\/munpdg.ca\/en\/#organization","name":"Municipalit\u00e9 de Port-Daniel\u2013Gascons","url":"https:\/\/munpdg.ca\/en\/","logo":{"@type":"ImageObject","inLanguage":"en-US","@id":"https:\/\/munpdg.ca\/en\/#\/schema\/logo\/image\/","url":"https:\/\/munpdg.ca\/wp-content\/uploads\/2017\/08\/port-daniel-gascons-logo.png","contentUrl":"https:\/\/munpdg.ca\/wp-content\/uploads\/2017\/08\/port-daniel-gascons-logo.png","width":129,"height":141,"caption":"Municipalit\u00e9 de Port-Daniel\u2013Gascons"},"image":{"@id":"https:\/\/munpdg.ca\/en\/#\/schema\/logo\/image\/"}}]}},"_links":{"self":[{"href":"https:\/\/munpdg.ca\/en\/wp-json\/wp\/v2\/pages\/1787","targetHints":{"allow":["GET"]}}],"collection":[{"href":"https:\/\/munpdg.ca\/en\/wp-json\/wp\/v2\/pages"}],"about":[{"href":"https:\/\/munpdg.ca\/en\/wp-json\/wp\/v2\/types\/page"}],"author":[{"embeddable":true,"href":"https:\/\/munpdg.ca\/en\/wp-json\/wp\/v2\/users\/3"}],"replies":[{"embeddable":true,"href":"https:\/\/munpdg.ca\/en\/wp-json\/wp\/v2\/comments?post=1787"}],"version-history":[{"count":95,"href":"https:\/\/munpdg.ca\/en\/wp-json\/wp\/v2\/pages\/1787\/revisions"}],"predecessor-version":[{"id":9763,"href":"https:\/\/munpdg.ca\/en\/wp-json\/wp\/v2\/pages\/1787\/revisions\/9763"}],"wp:attachment":[{"href":"https:\/\/munpdg.ca\/en\/wp-json\/wp\/v2\/media?parent=1787"}],"curies":[{"name":"wp","href":"https:\/\/api.w.org\/{rel}","templated":true}]}}